{"id":1177740,"date":"2018-02-27T10:59:17","date_gmt":"2018-02-27T15:59:17","guid":{"rendered":""},"modified":"2019-05-17T12:22:35","modified_gmt":"2019-05-17T12:22:35","slug":"2-d\u00e9terminez-sil-y-des-d\u00e9penses-sp\u00e9ciales-ou-extraordinaires","status":"publish","type":"steps","link":"https:\/\/newsite.stepstojustice.ca\/fr\/steps\/family-law\/2-d\u00e9terminez-sil-y-des-d\u00e9penses-sp\u00e9ciales-ou-extraordinaires\/","title":{"rendered":"2. D\u00e9terminez s&rsquo;il y a des d\u00e9penses sp\u00e9ciales ou extraordinaires"},"content":{"rendered":"<p>Certaines d\u00e9penses ne sont <strong>pas<\/strong> incluses dans le montant mensuel de base des pensions alimentaires pour&nbsp;enfants. Il s&rsquo;agit des d\u00e9penses sp\u00e9ciales ou extraordinaires, qui comprennent notamment&nbsp;:<\/p>\n<ul>\n<li>les activit\u00e9s parascolaires, comme les sports de comp\u00e9tition;<\/li>\n<li>les frais de <span class=\"ylr-glossary-term\">garde<\/span> d&rsquo;enfants, pour permettre au parent qui s&rsquo;occupe de l&rsquo;enfant de travailler ou d&rsquo;\u00e9tudier afin d&rsquo;obtenir un emploi;<\/li>\n<li>les primes d&rsquo;assurance m\u00e9dicale et dentaire;<\/li>\n<li>les d\u00e9penses en sant\u00e9, comme les m\u00e9dicaments sur ordonnance et les lunettes;<\/li>\n<li>les d\u00e9penses d&rsquo;\u00e9ducation, y compris l&rsquo;\u00e9ducation postsecondaire ou les frais d&rsquo;\u00e9cole priv\u00e9e.<\/li>\n<\/ul>\n<p>Si vous \u00eates le parent qui r\u00e9clame&nbsp;ces d\u00e9penses, vous devez prouver qu&rsquo;elles sont <strong>raisonnables <\/strong>compte tenu de la situation financi\u00e8re de votre famille \u2013 autrement dit, que votre partenaire et vous-m\u00eame en avez les moyens.<\/p>\n<p>Vous devez \u00e9galement prouver qu&rsquo;elles sont <strong>n\u00e9cessaires <\/strong>parce qu&rsquo;elles sont dans l&rsquo;int\u00e9r\u00eat v\u00e9ritable de l&rsquo;enfant. Le tribunal cherche \u00e0 savoir si ces d\u00e9penses faisaient <span class=\"ylr-glossary-term\">partie<\/span> de vos habitudes avant la s\u00e9paration. Par exemple, votre enfant \u00e9tait-il inscrit \u00e0 l&rsquo;\u00e9cole priv\u00e9e avant la s\u00e9paration? Allait-il dans un camp de vacances l&rsquo;\u00e9t\u00e9?<\/p>\n<p>M\u00eame si une d\u00e9pense ne faisait pas <span class=\"ylr-glossary-term\">partie<\/span> de vos habitudes avant la s\u00e9paration, le tribunal peut d\u00e9cider qu&rsquo;elle est dans l&rsquo;int\u00e9r\u00eat v\u00e9ritable de votre enfant \u2013 \u00e0 condition que votre partenaire et vous en ayez les moyens.<\/p>\n<p>Dans la plupart des cas, la contribution des parents aux d\u00e9penses sp\u00e9ciales est proportionnelle \u00e0 leur revenu. Autrement dit, si votre partenaire et vous-m\u00eame touchez un revenu semblable, vous vous s\u00e9parerez \u00e9galement les d\u00e9penses sp\u00e9ciales.<\/p>\n<p>Si votre enfant est <strong>majeur<\/strong> \u2013 s&rsquo;il a au moins 18&nbsp;ans \u2013 et qu&rsquo;il est toujours \u00e0 charge, il pourrait devoir contribuer \u00e0 ses d\u00e9penses sp\u00e9ciales, auquel cas sa contribution est d\u00e9duite de la d\u00e9pense avant que celle-ci soit divis\u00e9e entre les parents.<\/p>\n","protected":false},"author":3,"featured_media":0,"template":"","yoast_head":"<!-- This site is optimized with the Yoast SEO plugin v19.14 - https:\/\/yoast.com\/wordpress\/plugins\/seo\/ -->\n<title>2. D\u00e9terminez s&#039;il y a des d\u00e9penses sp\u00e9ciales ou extraordinaires - Steps to justice<\/title>\n<meta name=\"description\" content=\"Certaines d\u00e9penses ne sont pas incluses dans le montant mensuel de base des pensions alimentaires pour&nbsp;enfants. Il s&#039;agit des d\u00e9penses sp\u00e9ciales ou\" \/>\n<meta name=\"robots\" content=\"noindex, follow, max-snippet:-1, max-image-preview:large, max-video-preview:-1\" \/>\n<meta property=\"og:locale\" content=\"fr_FR\" \/>\n<meta property=\"og:type\" content=\"article\" \/>\n<meta property=\"og:title\" content=\"2. D\u00e9terminez s&#039;il y a des d\u00e9penses sp\u00e9ciales ou extraordinaires - Steps to justice\" \/>\n<meta property=\"og:description\" content=\"Certaines d\u00e9penses ne sont pas incluses dans le montant mensuel de base des pensions alimentaires pour&nbsp;enfants. Il s&#039;agit des d\u00e9penses sp\u00e9ciales ou\" \/>\n<meta property=\"og:url\" content=\"https:\/\/newsite.stepstojustice.ca\/fr\/steps\/family-law\/2-d\u00e9terminez-sil-y-des-d\u00e9penses-sp\u00e9ciales-ou-extraordinaires\/\" \/>\n<meta property=\"og:site_name\" content=\"Steps to justice\" \/>\n<meta property=\"article:modified_time\" content=\"2019-05-17T12:22:35+00:00\" \/>\n<meta name=\"twitter:card\" content=\"summary_large_image\" \/>\n<meta name=\"twitter:label1\" content=\"Dur\u00e9e de lecture estim\u00e9e\" \/>\n\t<meta name=\"twitter:data1\" content=\"2 minutes\" \/>\n<script type=\"application\/ld+json\" class=\"yoast-schema-graph\">{\"@context\":\"https:\/\/schema.org\",\"@graph\":[{\"@type\":\"WebPage\",\"@id\":\"https:\/\/newsite.stepstojustice.ca\/fr\/steps\/family-law\/2-d\u00e9terminez-sil-y-des-d\u00e9penses-sp\u00e9ciales-ou-extraordinaires\/\",\"url\":\"https:\/\/newsite.stepstojustice.ca\/fr\/steps\/family-law\/2-d\u00e9terminez-sil-y-des-d\u00e9penses-sp\u00e9ciales-ou-extraordinaires\/\",\"name\":\"2. D\u00e9terminez s'il y a des d\u00e9penses sp\u00e9ciales ou extraordinaires - Steps to justice\",\"isPartOf\":{\"@id\":\"https:\/\/newsite.stepstojustice.ca\/fr\/#website\"},\"datePublished\":\"-0001-11-30T00:00:00+00:00\",\"dateModified\":\"2019-05-17T12:22:35+00:00\",\"description\":\"Certaines d\u00e9penses ne sont pas incluses dans le montant mensuel de base des pensions alimentaires pour&nbsp;enfants. Il s'agit des d\u00e9penses sp\u00e9ciales ou\",\"breadcrumb\":{\"@id\":\"https:\/\/newsite.stepstojustice.ca\/fr\/steps\/family-law\/2-d\u00e9terminez-sil-y-des-d\u00e9penses-sp\u00e9ciales-ou-extraordinaires\/#breadcrumb\"},\"inLanguage\":\"fr-FR\",\"potentialAction\":[{\"@type\":\"ReadAction\",\"target\":[\"https:\/\/newsite.stepstojustice.ca\/fr\/steps\/family-law\/2-d\u00e9terminez-sil-y-des-d\u00e9penses-sp\u00e9ciales-ou-extraordinaires\/\"]}]},{\"@type\":\"BreadcrumbList\",\"@id\":\"https:\/\/newsite.stepstojustice.ca\/fr\/steps\/family-law\/2-d\u00e9terminez-sil-y-des-d\u00e9penses-sp\u00e9ciales-ou-extraordinaires\/#breadcrumb\",\"itemListElement\":[{\"@type\":\"ListItem\",\"position\":1,\"name\":\"Home\",\"item\":\"https:\/\/newsite.stepstojustice.ca\/fr\/\"},{\"@type\":\"ListItem\",\"position\":2,\"name\":\"Next steps\",\"item\":\"https:\/\/newsite.stepstojustice.ca\/steps\/\"},{\"@type\":\"ListItem\",\"position\":3,\"name\":\"2. D\u00e9terminez s&rsquo;il y a des d\u00e9penses sp\u00e9ciales ou extraordinaires\"}]},{\"@type\":\"WebSite\",\"@id\":\"https:\/\/newsite.stepstojustice.ca\/fr\/#website\",\"url\":\"https:\/\/newsite.stepstojustice.ca\/fr\/\",\"name\":\"Steps to justice\",\"description\":\"Step-by-step information about legal problems\",\"potentialAction\":[{\"@type\":\"SearchAction\",\"target\":{\"@type\":\"EntryPoint\",\"urlTemplate\":\"https:\/\/newsite.stepstojustice.ca\/fr\/?s={search_term_string}\"},\"query-input\":\"required name=search_term_string\"}],\"inLanguage\":\"fr-FR\"}]}<\/script>\n<!-- \/ Yoast SEO plugin. -->","yoast_head_json":{"title":"2. D\u00e9terminez s'il y a des d\u00e9penses sp\u00e9ciales ou extraordinaires - Steps to justice","description":"Certaines d\u00e9penses ne sont pas incluses dans le montant mensuel de base des pensions alimentaires pour&nbsp;enfants. Il s'agit des d\u00e9penses sp\u00e9ciales ou","robots":{"index":"noindex","follow":"follow","max-snippet":"max-snippet:-1","max-image-preview":"max-image-preview:large","max-video-preview":"max-video-preview:-1"},"og_locale":"fr_FR","og_type":"article","og_title":"2. D\u00e9terminez s'il y a des d\u00e9penses sp\u00e9ciales ou extraordinaires - Steps to justice","og_description":"Certaines d\u00e9penses ne sont pas incluses dans le montant mensuel de base des pensions alimentaires pour&nbsp;enfants. Il s'agit des d\u00e9penses sp\u00e9ciales ou","og_url":"https:\/\/newsite.stepstojustice.ca\/fr\/steps\/family-law\/2-d\u00e9terminez-sil-y-des-d\u00e9penses-sp\u00e9ciales-ou-extraordinaires\/","og_site_name":"Steps to justice","article_modified_time":"2019-05-17T12:22:35+00:00","twitter_card":"summary_large_image","twitter_misc":{"Dur\u00e9e de lecture estim\u00e9e":"2 minutes"},"schema":{"@context":"https:\/\/schema.org","@graph":[{"@type":"WebPage","@id":"https:\/\/newsite.stepstojustice.ca\/fr\/steps\/family-law\/2-d\u00e9terminez-sil-y-des-d\u00e9penses-sp\u00e9ciales-ou-extraordinaires\/","url":"https:\/\/newsite.stepstojustice.ca\/fr\/steps\/family-law\/2-d\u00e9terminez-sil-y-des-d\u00e9penses-sp\u00e9ciales-ou-extraordinaires\/","name":"2. D\u00e9terminez s'il y a des d\u00e9penses sp\u00e9ciales ou extraordinaires - Steps to justice","isPartOf":{"@id":"https:\/\/newsite.stepstojustice.ca\/fr\/#website"},"datePublished":"-0001-11-30T00:00:00+00:00","dateModified":"2019-05-17T12:22:35+00:00","description":"Certaines d\u00e9penses ne sont pas incluses dans le montant mensuel de base des pensions alimentaires pour&nbsp;enfants. Il s'agit des d\u00e9penses sp\u00e9ciales ou","breadcrumb":{"@id":"https:\/\/newsite.stepstojustice.ca\/fr\/steps\/family-law\/2-d\u00e9terminez-sil-y-des-d\u00e9penses-sp\u00e9ciales-ou-extraordinaires\/#breadcrumb"},"inLanguage":"fr-FR","potentialAction":[{"@type":"ReadAction","target":["https:\/\/newsite.stepstojustice.ca\/fr\/steps\/family-law\/2-d\u00e9terminez-sil-y-des-d\u00e9penses-sp\u00e9ciales-ou-extraordinaires\/"]}]},{"@type":"BreadcrumbList","@id":"https:\/\/newsite.stepstojustice.ca\/fr\/steps\/family-law\/2-d\u00e9terminez-sil-y-des-d\u00e9penses-sp\u00e9ciales-ou-extraordinaires\/#breadcrumb","itemListElement":[{"@type":"ListItem","position":1,"name":"Home","item":"https:\/\/newsite.stepstojustice.ca\/fr\/"},{"@type":"ListItem","position":2,"name":"Next steps","item":"https:\/\/newsite.stepstojustice.ca\/steps\/"},{"@type":"ListItem","position":3,"name":"2. D\u00e9terminez s&rsquo;il y a des d\u00e9penses sp\u00e9ciales ou extraordinaires"}]},{"@type":"WebSite","@id":"https:\/\/newsite.stepstojustice.ca\/fr\/#website","url":"https:\/\/newsite.stepstojustice.ca\/fr\/","name":"Steps to justice","description":"Step-by-step information about legal problems","potentialAction":[{"@type":"SearchAction","target":{"@type":"EntryPoint","urlTemplate":"https:\/\/newsite.stepstojustice.ca\/fr\/?s={search_term_string}"},"query-input":"required name=search_term_string"}],"inLanguage":"fr-FR"}]}},"meta_box":{"questions_to_steps_from":["1171494"]},"_links":{"self":[{"href":"https:\/\/newsite.stepstojustice.ca\/fr\/wp-json\/wp\/v2\/steps\/1177740"}],"collection":[{"href":"https:\/\/newsite.stepstojustice.ca\/fr\/wp-json\/wp\/v2\/steps"}],"about":[{"href":"https:\/\/newsite.stepstojustice.ca\/fr\/wp-json\/wp\/v2\/types\/steps"}],"author":[{"embeddable":true,"href":"https:\/\/newsite.stepstojustice.ca\/fr\/wp-json\/wp\/v2\/users\/3"}],"version-history":[{"count":0,"href":"https:\/\/newsite.stepstojustice.ca\/fr\/wp-json\/wp\/v2\/steps\/1177740\/revisions"}],"wp:attachment":[{"href":"https:\/\/newsite.stepstojustice.ca\/fr\/wp-json\/wp\/v2\/media?parent=1177740"}],"curies":[{"name":"wp","href":"https:\/\/api.w.org\/{rel}","templated":true}]}}