{"id":1175860,"date":"2019-01-02T13:07:22","date_gmt":"2019-01-02T18:07:22","guid":{"rendered":""},"modified":"2019-01-03T13:26:38","modified_gmt":"2019-01-03T13:26:38","slug":"renseignez-vous-sur-les-cong\u00e9s-de-maladie","status":"publish","type":"steps","link":"https:\/\/newsite.stepstojustice.ca\/fr\/steps\/employment-and-work\/renseignez-vous-sur-les-cong\u00e9s-de-maladie\/","title":{"rendered":"Renseignez-vous sur les cong\u00e9s de maladie"},"content":{"rendered":"<p>Vous pourriez avoir droit \u00e0 des cong\u00e9s de maladie si vous avez travaill\u00e9 pour votre employeur <strong>au moins deux semaines d\u2019affil\u00e9e.<\/strong><\/p>\n<p>Vous pouvez prendre un maximum de trois jours de cong\u00e9 de maladie si&nbsp;:<\/p>\n<ul>\n<li>vous \u00eates malade ou bless\u00e9;<\/li>\n<li>vous avez une urgence m\u00e9dicale.<\/li>\n<\/ul>\n<p>Une urgence m\u00e9dicale peut \u00eatre une op\u00e9ration pr\u00e9vue d\u2019avance, si vous en avez besoin pour des raisons m\u00e9dicales.<\/p>\n<p>Votre employeur peut vous demander un billet du m\u00e9decin comme preuve que vous avez besoin d\u2019un cong\u00e9. Pour en savoir plus, consultez l\u2019\u00e9tape \u00ab&nbsp;<strong>Parlez-en \u00e0 votre employeur et obtenez la preuve que vous avez besoin d\u2019un cong\u00e9<\/strong>&nbsp;\u00bb.<\/p>\n","protected":false},"author":3,"featured_media":0,"template":"","yoast_head":"<!-- This site is optimized with the Yoast SEO plugin v19.14 - https:\/\/yoast.com\/wordpress\/plugins\/seo\/ -->\n<title>Renseignez-vous sur les cong\u00e9s de maladie - Steps to justice<\/title>\n<meta name=\"description\" content=\"Vous pourriez avoir droit \u00e0 des cong\u00e9s de maladie si vous avez travaill\u00e9 pour votre employeur au moins deux semaines d\u2019affil\u00e9e. Vous pouvez prendre un\" \/>\n<meta name=\"robots\" content=\"noindex, follow, max-snippet:-1, max-image-preview:large, max-video-preview:-1\" \/>\n<meta property=\"og:locale\" content=\"fr_FR\" \/>\n<meta property=\"og:type\" content=\"article\" \/>\n<meta property=\"og:title\" content=\"Renseignez-vous sur les cong\u00e9s de maladie - Steps to justice\" \/>\n<meta property=\"og:description\" content=\"Vous pourriez avoir droit \u00e0 des cong\u00e9s de maladie si vous avez travaill\u00e9 pour votre employeur au moins deux semaines d\u2019affil\u00e9e. Vous pouvez prendre un\" \/>\n<meta property=\"og:url\" content=\"https:\/\/newsite.stepstojustice.ca\/fr\/steps\/employment-and-work\/renseignez-vous-sur-les-cong\u00e9s-de-maladie\/\" \/>\n<meta property=\"og:site_name\" content=\"Steps to justice\" \/>\n<meta property=\"article:modified_time\" content=\"2019-01-03T13:26:38+00:00\" \/>\n<meta name=\"twitter:card\" content=\"summary_large_image\" \/>\n<meta name=\"twitter:label1\" content=\"Dur\u00e9e de lecture estim\u00e9e\" \/>\n\t<meta name=\"twitter:data1\" content=\"1 minute\" \/>\n<script type=\"application\/ld+json\" class=\"yoast-schema-graph\">{\"@context\":\"https:\/\/schema.org\",\"@graph\":[{\"@type\":\"WebPage\",\"@id\":\"https:\/\/newsite.stepstojustice.ca\/fr\/steps\/employment-and-work\/renseignez-vous-sur-les-cong\u00e9s-de-maladie\/\",\"url\":\"https:\/\/newsite.stepstojustice.ca\/fr\/steps\/employment-and-work\/renseignez-vous-sur-les-cong\u00e9s-de-maladie\/\",\"name\":\"Renseignez-vous sur les cong\u00e9s de maladie - Steps to justice\",\"isPartOf\":{\"@id\":\"https:\/\/newsite.stepstojustice.ca\/fr\/#website\"},\"datePublished\":\"-0001-11-30T00:00:00+00:00\",\"dateModified\":\"2019-01-03T13:26:38+00:00\",\"description\":\"Vous pourriez avoir droit \u00e0 des cong\u00e9s de maladie si vous avez travaill\u00e9 pour votre employeur au moins deux semaines d\u2019affil\u00e9e. Vous pouvez prendre un\",\"breadcrumb\":{\"@id\":\"https:\/\/newsite.stepstojustice.ca\/fr\/steps\/employment-and-work\/renseignez-vous-sur-les-cong\u00e9s-de-maladie\/#breadcrumb\"},\"inLanguage\":\"fr-FR\",\"potentialAction\":[{\"@type\":\"ReadAction\",\"target\":[\"https:\/\/newsite.stepstojustice.ca\/fr\/steps\/employment-and-work\/renseignez-vous-sur-les-cong\u00e9s-de-maladie\/\"]}]},{\"@type\":\"BreadcrumbList\",\"@id\":\"https:\/\/newsite.stepstojustice.ca\/fr\/steps\/employment-and-work\/renseignez-vous-sur-les-cong\u00e9s-de-maladie\/#breadcrumb\",\"itemListElement\":[{\"@type\":\"ListItem\",\"position\":1,\"name\":\"Home\",\"item\":\"https:\/\/newsite.stepstojustice.ca\/fr\/\"},{\"@type\":\"ListItem\",\"position\":2,\"name\":\"Next steps\",\"item\":\"https:\/\/newsite.stepstojustice.ca\/steps\/\"},{\"@type\":\"ListItem\",\"position\":3,\"name\":\"Renseignez-vous sur les cong\u00e9s de maladie\"}]},{\"@type\":\"WebSite\",\"@id\":\"https:\/\/newsite.stepstojustice.ca\/fr\/#website\",\"url\":\"https:\/\/newsite.stepstojustice.ca\/fr\/\",\"name\":\"Steps to justice\",\"description\":\"Step-by-step information about legal problems\",\"potentialAction\":[{\"@type\":\"SearchAction\",\"target\":{\"@type\":\"EntryPoint\",\"urlTemplate\":\"https:\/\/newsite.stepstojustice.ca\/fr\/?s={search_term_string}\"},\"query-input\":\"required name=search_term_string\"}],\"inLanguage\":\"fr-FR\"}]}<\/script>\n<!-- \/ Yoast SEO plugin. -->","yoast_head_json":{"title":"Renseignez-vous sur les cong\u00e9s de maladie - Steps to justice","description":"Vous pourriez avoir droit \u00e0 des cong\u00e9s de maladie si vous avez travaill\u00e9 pour votre employeur au moins deux semaines d\u2019affil\u00e9e. Vous pouvez prendre un","robots":{"index":"noindex","follow":"follow","max-snippet":"max-snippet:-1","max-image-preview":"max-image-preview:large","max-video-preview":"max-video-preview:-1"},"og_locale":"fr_FR","og_type":"article","og_title":"Renseignez-vous sur les cong\u00e9s de maladie - Steps to justice","og_description":"Vous pourriez avoir droit \u00e0 des cong\u00e9s de maladie si vous avez travaill\u00e9 pour votre employeur au moins deux semaines d\u2019affil\u00e9e. Vous pouvez prendre un","og_url":"https:\/\/newsite.stepstojustice.ca\/fr\/steps\/employment-and-work\/renseignez-vous-sur-les-cong\u00e9s-de-maladie\/","og_site_name":"Steps to justice","article_modified_time":"2019-01-03T13:26:38+00:00","twitter_card":"summary_large_image","twitter_misc":{"Dur\u00e9e de lecture estim\u00e9e":"1 minute"},"schema":{"@context":"https:\/\/schema.org","@graph":[{"@type":"WebPage","@id":"https:\/\/newsite.stepstojustice.ca\/fr\/steps\/employment-and-work\/renseignez-vous-sur-les-cong\u00e9s-de-maladie\/","url":"https:\/\/newsite.stepstojustice.ca\/fr\/steps\/employment-and-work\/renseignez-vous-sur-les-cong\u00e9s-de-maladie\/","name":"Renseignez-vous sur les cong\u00e9s de maladie - Steps to justice","isPartOf":{"@id":"https:\/\/newsite.stepstojustice.ca\/fr\/#website"},"datePublished":"-0001-11-30T00:00:00+00:00","dateModified":"2019-01-03T13:26:38+00:00","description":"Vous pourriez avoir droit \u00e0 des cong\u00e9s de maladie si vous avez travaill\u00e9 pour votre employeur au moins deux semaines d\u2019affil\u00e9e. Vous pouvez prendre un","breadcrumb":{"@id":"https:\/\/newsite.stepstojustice.ca\/fr\/steps\/employment-and-work\/renseignez-vous-sur-les-cong\u00e9s-de-maladie\/#breadcrumb"},"inLanguage":"fr-FR","potentialAction":[{"@type":"ReadAction","target":["https:\/\/newsite.stepstojustice.ca\/fr\/steps\/employment-and-work\/renseignez-vous-sur-les-cong\u00e9s-de-maladie\/"]}]},{"@type":"BreadcrumbList","@id":"https:\/\/newsite.stepstojustice.ca\/fr\/steps\/employment-and-work\/renseignez-vous-sur-les-cong\u00e9s-de-maladie\/#breadcrumb","itemListElement":[{"@type":"ListItem","position":1,"name":"Home","item":"https:\/\/newsite.stepstojustice.ca\/fr\/"},{"@type":"ListItem","position":2,"name":"Next steps","item":"https:\/\/newsite.stepstojustice.ca\/steps\/"},{"@type":"ListItem","position":3,"name":"Renseignez-vous sur les cong\u00e9s de maladie"}]},{"@type":"WebSite","@id":"https:\/\/newsite.stepstojustice.ca\/fr\/#website","url":"https:\/\/newsite.stepstojustice.ca\/fr\/","name":"Steps to justice","description":"Step-by-step information about legal problems","potentialAction":[{"@type":"SearchAction","target":{"@type":"EntryPoint","urlTemplate":"https:\/\/newsite.stepstojustice.ca\/fr\/?s={search_term_string}"},"query-input":"required name=search_term_string"}],"inLanguage":"fr-FR"}]}},"meta_box":{"questions_to_steps_from":["1171828"]},"_links":{"self":[{"href":"https:\/\/newsite.stepstojustice.ca\/fr\/wp-json\/wp\/v2\/steps\/1175860"}],"collection":[{"href":"https:\/\/newsite.stepstojustice.ca\/fr\/wp-json\/wp\/v2\/steps"}],"about":[{"href":"https:\/\/newsite.stepstojustice.ca\/fr\/wp-json\/wp\/v2\/types\/steps"}],"author":[{"embeddable":true,"href":"https:\/\/newsite.stepstojustice.ca\/fr\/wp-json\/wp\/v2\/users\/3"}],"version-history":[{"count":0,"href":"https:\/\/newsite.stepstojustice.ca\/fr\/wp-json\/wp\/v2\/steps\/1175860\/revisions"}],"wp:attachment":[{"href":"https:\/\/newsite.stepstojustice.ca\/fr\/wp-json\/wp\/v2\/media?parent=1175860"}],"curies":[{"name":"wp","href":"https:\/\/api.w.org\/{rel}","templated":true}]}}