{"id":1175847,"date":"2020-08-11T09:28:19","date_gmt":"2020-08-11T13:28:19","guid":{"rendered":""},"modified":"2020-08-12T09:32:09","modified_gmt":"2020-08-12T09:32:09","slug":"1-pensez-\u00e0-ce-quil-faut-porter-et-apporter","status":"publish","type":"steps","link":"https:\/\/newsite.stepstojustice.ca\/fr\/steps\/criminal-law\/1-pensez-\u00e0-ce-quil-faut-porter-et-apporter\/","title":{"rendered":"1. Pensez \u00e0 ce qu&rsquo;il faut porter et apporter"},"content":{"rendered":"<p>Lorsque vous assistez \u00e0 une manifestation, \u00e9vitez de porter un masque sauf pour des raisons de sant\u00e9 comme pendant le COVID-19. Ce n&rsquo;est pas un crime de porter un masque, mais s&rsquo;en est un de porter un masque ou de se d\u00e9guiser en faisant quelque chose d&rsquo;ill\u00e9gal. Par exemple, porter un masque lors d&rsquo;une \u00e9meute est un crime. M\u00eame si votre manifestation est l\u00e9gale, si vous portez un masque et que la manifestation l\u00e9gale devient ill\u00e9gale, vous \u00eates plus susceptible d&rsquo;\u00eatre arr\u00eat\u00e9.<\/p>\n<p>Si par hasard la manifestation devenait chaotique ou violente, pr\u00e9voyez de porter des chaussures et des v\u00eatements confortables qui vous permettent de bouger rapidement. Les manches longues et les pantalons peuvent aider \u00e0 pr\u00e9venir les blessures.<\/p>\n<h3>Ce qu&rsquo;il faut apporter<\/h3>\n<p>Les choses que vous voudrez peut-\u00eatre apporter incluent:<\/p>\n<ul>\n<li>de l&rsquo;eau et des collations<\/li>\n<li>des bouchons d&rsquo;oreille, si la manifestation devient bruyante<\/li>\n<li>assez d&rsquo;argent pour retourner&nbsp;\u00e0 la maison<\/li>\n<li>un stylo et du papier, pour noter des d\u00e9tails d&rsquo;incidents sp\u00e9cifiques lors de la manifestation<\/li>\n<li>des lunettes et des gants de protection, en cas de gaz lacrymog\u00e8ne<\/li>\n<li>des m\u00e9dicaments essentiels, au cas o\u00f9 vous \u00eates arr\u00eat\u00e9. Apportez-en suffisamment pour 3 jours<\/li>\n<li>une pi\u00e8ce d&rsquo;identit\u00e9, telle qu&rsquo;un permis de conduire, au cas o\u00f9 la police la&nbsp;demande<\/li>\n<\/ul>\n<h3>Ce qu&rsquo;il ne faut pas apporter ou porter<\/h3>\n<p>Les choses que vous ne devez pas apporter ou porter incluent:<\/p>\n<ul>\n<li>tout ce qui contient des informations sensibles ou priv\u00e9es<\/li>\n<li>des drogues ill\u00e9gales<\/li>\n<li>des armes ou des objets pouvant \u00eatre consid\u00e9r\u00e9s comme des armes<\/li>\n<li>des lentilles de contact, car elles peuvent pi\u00e9ger des gaz lacrymog\u00e8nes dans vos yeux<\/li>\n<li>du maquillage, car les gaz lacrymog\u00e8nes peuvent coller \u00e0 votre visage<\/li>\n<\/ul>\n<h3>T\u00e9l\u00e9phones portables<\/h3>\n<p>Les t\u00e9l\u00e9phones portables peuvent \u00eatre utiles pour rester joignable. Vous pouvez utiliser une application de communication s\u00e9curis\u00e9e telle que <a class=\"links-link ext\" href=\"\/fr\/links\/signal\" target=\"_blank\">Signal<\/a>.<\/p>\n<p>Vous \u00eates autoris\u00e9 \u00e0 filmer la police, mais vous ne pouvez pas l&#8217;emb\u00eater tandis que vous enregistrer. Vous ne devez pas non plus suivre la police pour la filmer, car cela pourrait \u00eatre consid\u00e9r\u00e9 comme du harc\u00e8lement criminel.<\/p>\n<p>Dans certaines situations, la police peut emporter votre t\u00e9l\u00e9phone comme un \u00e9l\u00e9ment de preuve. Si cela se produit, cela peut prendre beaucoup de temps pour le r\u00e9cup\u00e9rer.<\/p>\n<p>Avant la manifestation, sauvegardez toutes vos informations et vos photos importantes. Certaines personnes suppriment \u00e9galement des informations personnelles de leur t\u00e9l\u00e9phone.<\/p>\n<p>Habituellement, la police a besoin d&rsquo;un mandat pour fouiller votre t\u00e9l\u00e9phone portable. Pour r\u00e9duire le risque que la police explore votre t\u00e9l\u00e9phone, d\u00e9sactivez les options d&#8217;empreintes digitales ou de reconnaissance faciale qui le d\u00e9verrouillent. Utilisez plut\u00f4t un mot de passe. Vous n&rsquo;avez pas \u00e0 communiquer votre mot de passe \u00e0 la police si elle le demande. Si vous le faites, elle peut penser que vous lui donnez la permission de fouiller votre t\u00e9l\u00e9phone.<\/p>\n<p>Ne vous fiez pas aux num\u00e9ros de t\u00e9l\u00e9phone enregistr\u00e9s dans votre t\u00e9l\u00e9phone. M\u00e9morisez les num\u00e9ros de t\u00e9l\u00e9phone d&rsquo;un membre de la famille et d&rsquo;un avocat que vous pouvez appeler si vous \u00eates arr\u00eat\u00e9. Certains manifestants \u00e9crivent des num\u00e9ros de t\u00e9l\u00e9phone sur leur corps avec un marqueur.<\/p>\n","protected":false},"author":3,"featured_media":0,"template":"","yoast_head":"<!-- This site is optimized with the Yoast SEO plugin v19.14 - https:\/\/yoast.com\/wordpress\/plugins\/seo\/ -->\n<title>1. Pensez \u00e0 ce qu&#039;il faut porter et apporter - Steps to justice<\/title>\n<meta name=\"description\" content=\"Lorsque vous assistez \u00e0 une manifestation, \u00e9vitez de porter un masque sauf pour des raisons de sant\u00e9 comme pendant le COVID-19. Ce n&#039;est pas un crime de\" \/>\n<meta name=\"robots\" content=\"noindex, follow, max-snippet:-1, max-image-preview:large, max-video-preview:-1\" \/>\n<meta property=\"og:locale\" content=\"fr_FR\" \/>\n<meta property=\"og:type\" content=\"article\" \/>\n<meta property=\"og:title\" content=\"1. Pensez \u00e0 ce qu&#039;il faut porter et apporter - Steps to justice\" \/>\n<meta property=\"og:description\" content=\"Lorsque vous assistez \u00e0 une manifestation, \u00e9vitez de porter un masque sauf pour des raisons de sant\u00e9 comme pendant le COVID-19. Ce n&#039;est pas un crime de\" \/>\n<meta property=\"og:url\" content=\"https:\/\/newsite.stepstojustice.ca\/fr\/steps\/criminal-law\/1-pensez-\u00e0-ce-quil-faut-porter-et-apporter\/\" \/>\n<meta property=\"og:site_name\" content=\"Steps to justice\" \/>\n<meta property=\"article:modified_time\" content=\"2020-08-12T09:32:09+00:00\" \/>\n<meta name=\"twitter:card\" content=\"summary_large_image\" \/>\n<meta name=\"twitter:label1\" content=\"Dur\u00e9e de lecture estim\u00e9e\" \/>\n\t<meta name=\"twitter:data1\" content=\"3 minutes\" \/>\n<script type=\"application\/ld+json\" class=\"yoast-schema-graph\">{\"@context\":\"https:\/\/schema.org\",\"@graph\":[{\"@type\":\"WebPage\",\"@id\":\"https:\/\/newsite.stepstojustice.ca\/fr\/steps\/criminal-law\/1-pensez-\u00e0-ce-quil-faut-porter-et-apporter\/\",\"url\":\"https:\/\/newsite.stepstojustice.ca\/fr\/steps\/criminal-law\/1-pensez-\u00e0-ce-quil-faut-porter-et-apporter\/\",\"name\":\"1. Pensez \u00e0 ce qu'il faut porter et apporter - Steps to justice\",\"isPartOf\":{\"@id\":\"https:\/\/newsite.stepstojustice.ca\/fr\/#website\"},\"datePublished\":\"-0001-11-30T00:00:00+00:00\",\"dateModified\":\"2020-08-12T09:32:09+00:00\",\"description\":\"Lorsque vous assistez \u00e0 une manifestation, \u00e9vitez de porter un masque sauf pour des raisons de sant\u00e9 comme pendant le COVID-19. Ce n'est pas un crime de\",\"breadcrumb\":{\"@id\":\"https:\/\/newsite.stepstojustice.ca\/fr\/steps\/criminal-law\/1-pensez-\u00e0-ce-quil-faut-porter-et-apporter\/#breadcrumb\"},\"inLanguage\":\"fr-FR\",\"potentialAction\":[{\"@type\":\"ReadAction\",\"target\":[\"https:\/\/newsite.stepstojustice.ca\/fr\/steps\/criminal-law\/1-pensez-\u00e0-ce-quil-faut-porter-et-apporter\/\"]}]},{\"@type\":\"BreadcrumbList\",\"@id\":\"https:\/\/newsite.stepstojustice.ca\/fr\/steps\/criminal-law\/1-pensez-\u00e0-ce-quil-faut-porter-et-apporter\/#breadcrumb\",\"itemListElement\":[{\"@type\":\"ListItem\",\"position\":1,\"name\":\"Home\",\"item\":\"https:\/\/newsite.stepstojustice.ca\/fr\/\"},{\"@type\":\"ListItem\",\"position\":2,\"name\":\"Next steps\",\"item\":\"https:\/\/newsite.stepstojustice.ca\/steps\/\"},{\"@type\":\"ListItem\",\"position\":3,\"name\":\"1. Pensez \u00e0 ce qu&rsquo;il faut porter et apporter\"}]},{\"@type\":\"WebSite\",\"@id\":\"https:\/\/newsite.stepstojustice.ca\/fr\/#website\",\"url\":\"https:\/\/newsite.stepstojustice.ca\/fr\/\",\"name\":\"Steps to justice\",\"description\":\"Step-by-step information about legal problems\",\"potentialAction\":[{\"@type\":\"SearchAction\",\"target\":{\"@type\":\"EntryPoint\",\"urlTemplate\":\"https:\/\/newsite.stepstojustice.ca\/fr\/?s={search_term_string}\"},\"query-input\":\"required name=search_term_string\"}],\"inLanguage\":\"fr-FR\"}]}<\/script>\n<!-- \/ Yoast SEO plugin. -->","yoast_head_json":{"title":"1. Pensez \u00e0 ce qu'il faut porter et apporter - Steps to justice","description":"Lorsque vous assistez \u00e0 une manifestation, \u00e9vitez de porter un masque sauf pour des raisons de sant\u00e9 comme pendant le COVID-19. Ce n'est pas un crime de","robots":{"index":"noindex","follow":"follow","max-snippet":"max-snippet:-1","max-image-preview":"max-image-preview:large","max-video-preview":"max-video-preview:-1"},"og_locale":"fr_FR","og_type":"article","og_title":"1. Pensez \u00e0 ce qu'il faut porter et apporter - Steps to justice","og_description":"Lorsque vous assistez \u00e0 une manifestation, \u00e9vitez de porter un masque sauf pour des raisons de sant\u00e9 comme pendant le COVID-19. Ce n'est pas un crime de","og_url":"https:\/\/newsite.stepstojustice.ca\/fr\/steps\/criminal-law\/1-pensez-\u00e0-ce-quil-faut-porter-et-apporter\/","og_site_name":"Steps to justice","article_modified_time":"2020-08-12T09:32:09+00:00","twitter_card":"summary_large_image","twitter_misc":{"Dur\u00e9e de lecture estim\u00e9e":"3 minutes"},"schema":{"@context":"https:\/\/schema.org","@graph":[{"@type":"WebPage","@id":"https:\/\/newsite.stepstojustice.ca\/fr\/steps\/criminal-law\/1-pensez-\u00e0-ce-quil-faut-porter-et-apporter\/","url":"https:\/\/newsite.stepstojustice.ca\/fr\/steps\/criminal-law\/1-pensez-\u00e0-ce-quil-faut-porter-et-apporter\/","name":"1. Pensez \u00e0 ce qu'il faut porter et apporter - Steps to justice","isPartOf":{"@id":"https:\/\/newsite.stepstojustice.ca\/fr\/#website"},"datePublished":"-0001-11-30T00:00:00+00:00","dateModified":"2020-08-12T09:32:09+00:00","description":"Lorsque vous assistez \u00e0 une manifestation, \u00e9vitez de porter un masque sauf pour des raisons de sant\u00e9 comme pendant le COVID-19. Ce n'est pas un crime de","breadcrumb":{"@id":"https:\/\/newsite.stepstojustice.ca\/fr\/steps\/criminal-law\/1-pensez-\u00e0-ce-quil-faut-porter-et-apporter\/#breadcrumb"},"inLanguage":"fr-FR","potentialAction":[{"@type":"ReadAction","target":["https:\/\/newsite.stepstojustice.ca\/fr\/steps\/criminal-law\/1-pensez-\u00e0-ce-quil-faut-porter-et-apporter\/"]}]},{"@type":"BreadcrumbList","@id":"https:\/\/newsite.stepstojustice.ca\/fr\/steps\/criminal-law\/1-pensez-\u00e0-ce-quil-faut-porter-et-apporter\/#breadcrumb","itemListElement":[{"@type":"ListItem","position":1,"name":"Home","item":"https:\/\/newsite.stepstojustice.ca\/fr\/"},{"@type":"ListItem","position":2,"name":"Next steps","item":"https:\/\/newsite.stepstojustice.ca\/steps\/"},{"@type":"ListItem","position":3,"name":"1. Pensez \u00e0 ce qu&rsquo;il faut porter et apporter"}]},{"@type":"WebSite","@id":"https:\/\/newsite.stepstojustice.ca\/fr\/#website","url":"https:\/\/newsite.stepstojustice.ca\/fr\/","name":"Steps to justice","description":"Step-by-step information about legal problems","potentialAction":[{"@type":"SearchAction","target":{"@type":"EntryPoint","urlTemplate":"https:\/\/newsite.stepstojustice.ca\/fr\/?s={search_term_string}"},"query-input":"required name=search_term_string"}],"inLanguage":"fr-FR"}]}},"meta_box":{"questions_to_steps_from":["1171230"]},"_links":{"self":[{"href":"https:\/\/newsite.stepstojustice.ca\/fr\/wp-json\/wp\/v2\/steps\/1175847"}],"collection":[{"href":"https:\/\/newsite.stepstojustice.ca\/fr\/wp-json\/wp\/v2\/steps"}],"about":[{"href":"https:\/\/newsite.stepstojustice.ca\/fr\/wp-json\/wp\/v2\/types\/steps"}],"author":[{"embeddable":true,"href":"https:\/\/newsite.stepstojustice.ca\/fr\/wp-json\/wp\/v2\/users\/3"}],"version-history":[{"count":0,"href":"https:\/\/newsite.stepstojustice.ca\/fr\/wp-json\/wp\/v2\/steps\/1175847\/revisions"}],"wp:attachment":[{"href":"https:\/\/newsite.stepstojustice.ca\/fr\/wp-json\/wp\/v2\/media?parent=1175847"}],"curies":[{"name":"wp","href":"https:\/\/api.w.org\/{rel}","templated":true}]}}