{"id":1171756,"date":"2018-06-25T10:53:04","date_gmt":"2018-06-25T14:53:04","guid":{"rendered":""},"modified":"2020-12-15T13:40:05","modified_gmt":"2020-12-15T13:40:05","slug":"puis-je-recevoir-des-prestations-du-programme-ontario-au-travail-si-je","status":"publish","type":"questions","link":"https:\/\/newsite.stepstojustice.ca\/fr\/questions\/income-assistance\/puis-je-recevoir-des-prestations-du-programme-ontario-au-travail-si-je\/","title":{"rendered":"Puis-je recevoir des prestations du programme Ontario au travail si je suis en d\u00e9tention sous garde?"},"content":{"rendered":"<div class=\"box\">\n<p><strong>Longs d\u00e9lais pour les audiences d&rsquo;appel<\/strong><\/p>\n<p>Si vous faites appel d&rsquo;une d\u00e9cision rendue par OT ou le POSPH en 2020, votre audience d&rsquo;appel peut ne pas se tenir avant longtemps. Les gens rapportent que le Tribunal de l&rsquo;aide sociale leur communique des dates d&rsquo;audience qui se situent entre <strong>9 et 16 mois<\/strong>. Nous mettrons \u00e0 jour ces informations \u00e0 mesure qu&rsquo;elles changent.\u200b<\/p>\n<\/div>\n<p>De fa\u00e7on g\u00e9n\u00e9rale, une personne plac\u00e9e en <a class=\"ylr-glossary-term\" rel=\"100496-103137\">d\u00e9tention sous garde<\/a> \u00e0 cause d&rsquo;accusations au criminel n&rsquo;est pas admissible \u00e0 l&rsquo;aide financi\u00e8re du programme Ontario au travail (OT), qu&rsquo;elle soit en attente de son <a class=\"ylr-glossary-term\" rel=\"100527-103137\">proc\u00e8s<\/a> ou qu&rsquo;elle purge une <a class=\"ylr-glossary-term\" rel=\"99877-103137\">peine<\/a>. &nbsp;<\/p>\n<p>Le fait de se trouver dans un p\u00e9nitencier f\u00e9d\u00e9ral ou un centre correctionnel provincial ne fait pas de diff\u00e9rence.<\/p>\n<h3>Personnes purgeant une peine qui sont admissibles au programme&nbsp;OT<\/h3>\n<p>Si vous <b>purgez une peine discontinue,<\/b> par exemple la fin de semaine, vous pourriez quand m\u00eame \u00eatre admissible \u00e0 l&rsquo;aide du programme OT, car vous n&rsquo;\u00eates pas toujours en d\u00e9tention sous garde. Pour en savoir plus, consultez l&rsquo;\u00e9tape&nbsp;2.<\/p>\n<p>Si vous \u00eates dans une maison de transition, vous pourriez avoir droit \u00e0 l&rsquo;aide du programme OT. Consultez le personnel de l&rsquo;\u00e9tablissement \u00e0 ce sujet.<\/p>\n<h4>Peines d&#8217;emprisonnement avec sursis<\/h4>\n<p>En cas de <b>peine d&#8217;emprisonnement avec sursis<\/b>, la personne ne purge pas sa peine en d\u00e9tention sous garde. Il est donc <b>possible qu&rsquo;elle soit admissible<\/b> \u00e0 l&rsquo;aide du programme OT.<\/p>\n<p>On appelle parfois \u00ab&nbsp;d\u00e9tention \u00e0 domicile&nbsp;\u00bb le fait de purger une peine d&#8217;emprisonnement avec sursis dans la collectivit\u00e9, sous de strictes conditions.<\/p>\n","protected":false},"author":3,"featured_media":0,"template":"","legal-topic":[42151,42440,42445,42447],"yoast_head":"<!-- This site is optimized with the Yoast SEO plugin v19.14 - https:\/\/yoast.com\/wordpress\/plugins\/seo\/ -->\n<title>Puis-je recevoir des prestations du programme Ontario au travail si je suis en d\u00e9tention sous garde? - Steps to justice<\/title>\n<meta name=\"description\" content=\"Longs d\u00e9lais pour les audiences d&#039;appel Si vous faites appel d&#039;une d\u00e9cision rendue par OT ou le POSPH en 2020, votre audience d&#039;appel peut ne pas se tenir\" \/>\n<meta name=\"robots\" content=\"noindex, follow, max-snippet:-1, max-image-preview:large, max-video-preview:-1\" \/>\n<meta property=\"og:locale\" content=\"fr_FR\" \/>\n<meta property=\"og:type\" content=\"article\" \/>\n<meta property=\"og:title\" content=\"Puis-je recevoir des prestations du programme Ontario au travail si je suis en d\u00e9tention sous garde? - Steps to justice\" \/>\n<meta property=\"og:description\" content=\"Longs d\u00e9lais pour les audiences d&#039;appel Si vous faites appel d&#039;une d\u00e9cision rendue par OT ou le POSPH en 2020, votre audience d&#039;appel peut ne pas se tenir\" \/>\n<meta property=\"og:url\" content=\"https:\/\/newsite.stepstojustice.ca\/fr\/questions\/income-assistance\/puis-je-recevoir-des-prestations-du-programme-ontario-au-travail-si-je\/\" \/>\n<meta property=\"og:site_name\" content=\"Steps to justice\" \/>\n<meta property=\"article:modified_time\" content=\"2020-12-15T13:40:05+00:00\" \/>\n<meta name=\"twitter:card\" content=\"summary_large_image\" \/>\n<meta name=\"twitter:label1\" content=\"Dur\u00e9e de lecture estim\u00e9e\" \/>\n\t<meta name=\"twitter:data1\" content=\"1 minute\" \/>\n<script type=\"application\/ld+json\" class=\"yoast-schema-graph\">{\"@context\":\"https:\/\/schema.org\",\"@graph\":[{\"@type\":\"WebPage\",\"@id\":\"https:\/\/newsite.stepstojustice.ca\/fr\/questions\/income-assistance\/puis-je-recevoir-des-prestations-du-programme-ontario-au-travail-si-je\/\",\"url\":\"https:\/\/newsite.stepstojustice.ca\/fr\/questions\/income-assistance\/puis-je-recevoir-des-prestations-du-programme-ontario-au-travail-si-je\/\",\"name\":\"Puis-je recevoir des prestations du programme Ontario au travail si je suis en d\u00e9tention sous garde? - Steps to justice\",\"isPartOf\":{\"@id\":\"https:\/\/newsite.stepstojustice.ca\/fr\/#website\"},\"datePublished\":\"-0001-11-30T00:00:00+00:00\",\"dateModified\":\"2020-12-15T13:40:05+00:00\",\"description\":\"Longs d\u00e9lais pour les audiences d'appel Si vous faites appel d'une d\u00e9cision rendue par OT ou le POSPH en 2020, votre audience d'appel peut ne pas se tenir\",\"breadcrumb\":{\"@id\":\"https:\/\/newsite.stepstojustice.ca\/fr\/questions\/income-assistance\/puis-je-recevoir-des-prestations-du-programme-ontario-au-travail-si-je\/#breadcrumb\"},\"inLanguage\":\"fr-FR\",\"potentialAction\":[{\"@type\":\"ReadAction\",\"target\":[\"https:\/\/newsite.stepstojustice.ca\/fr\/questions\/income-assistance\/puis-je-recevoir-des-prestations-du-programme-ontario-au-travail-si-je\/\"]}]},{\"@type\":\"BreadcrumbList\",\"@id\":\"https:\/\/newsite.stepstojustice.ca\/fr\/questions\/income-assistance\/puis-je-recevoir-des-prestations-du-programme-ontario-au-travail-si-je\/#breadcrumb\",\"itemListElement\":[{\"@type\":\"ListItem\",\"position\":1,\"name\":\"Home\",\"item\":\"https:\/\/newsite.stepstojustice.ca\/fr\/\"},{\"@type\":\"ListItem\",\"position\":2,\"name\":\"Questions\",\"item\":\"https:\/\/newsite.stepstojustice.ca\/fr\/questions\/\"},{\"@type\":\"ListItem\",\"position\":3,\"name\":\"Puis-je recevoir des prestations du programme Ontario au travail si je suis en d\u00e9tention sous garde?\"}]},{\"@type\":\"WebSite\",\"@id\":\"https:\/\/newsite.stepstojustice.ca\/fr\/#website\",\"url\":\"https:\/\/newsite.stepstojustice.ca\/fr\/\",\"name\":\"Steps to justice\",\"description\":\"Step-by-step information about legal problems\",\"potentialAction\":[{\"@type\":\"SearchAction\",\"target\":{\"@type\":\"EntryPoint\",\"urlTemplate\":\"https:\/\/newsite.stepstojustice.ca\/fr\/?s={search_term_string}\"},\"query-input\":\"required name=search_term_string\"}],\"inLanguage\":\"fr-FR\"}]}<\/script>\n<!-- \/ Yoast SEO plugin. -->","yoast_head_json":{"title":"Puis-je recevoir des prestations du programme Ontario au travail si je suis en d\u00e9tention sous garde? - Steps to justice","description":"Longs d\u00e9lais pour les audiences d'appel Si vous faites appel d'une d\u00e9cision rendue par OT ou le POSPH en 2020, votre audience d'appel peut ne pas se tenir","robots":{"index":"noindex","follow":"follow","max-snippet":"max-snippet:-1","max-image-preview":"max-image-preview:large","max-video-preview":"max-video-preview:-1"},"og_locale":"fr_FR","og_type":"article","og_title":"Puis-je recevoir des prestations du programme Ontario au travail si je suis en d\u00e9tention sous garde? - Steps to justice","og_description":"Longs d\u00e9lais pour les audiences d'appel Si vous faites appel d'une d\u00e9cision rendue par OT ou le POSPH en 2020, votre audience d'appel peut ne pas se tenir","og_url":"https:\/\/newsite.stepstojustice.ca\/fr\/questions\/income-assistance\/puis-je-recevoir-des-prestations-du-programme-ontario-au-travail-si-je\/","og_site_name":"Steps to justice","article_modified_time":"2020-12-15T13:40:05+00:00","twitter_card":"summary_large_image","twitter_misc":{"Dur\u00e9e de lecture estim\u00e9e":"1 minute"},"schema":{"@context":"https:\/\/schema.org","@graph":[{"@type":"WebPage","@id":"https:\/\/newsite.stepstojustice.ca\/fr\/questions\/income-assistance\/puis-je-recevoir-des-prestations-du-programme-ontario-au-travail-si-je\/","url":"https:\/\/newsite.stepstojustice.ca\/fr\/questions\/income-assistance\/puis-je-recevoir-des-prestations-du-programme-ontario-au-travail-si-je\/","name":"Puis-je recevoir des prestations du programme Ontario au travail si je suis en d\u00e9tention sous garde? - Steps to justice","isPartOf":{"@id":"https:\/\/newsite.stepstojustice.ca\/fr\/#website"},"datePublished":"-0001-11-30T00:00:00+00:00","dateModified":"2020-12-15T13:40:05+00:00","description":"Longs d\u00e9lais pour les audiences d'appel Si vous faites appel d'une d\u00e9cision rendue par OT ou le POSPH en 2020, votre audience d'appel peut ne pas se tenir","breadcrumb":{"@id":"https:\/\/newsite.stepstojustice.ca\/fr\/questions\/income-assistance\/puis-je-recevoir-des-prestations-du-programme-ontario-au-travail-si-je\/#breadcrumb"},"inLanguage":"fr-FR","potentialAction":[{"@type":"ReadAction","target":["https:\/\/newsite.stepstojustice.ca\/fr\/questions\/income-assistance\/puis-je-recevoir-des-prestations-du-programme-ontario-au-travail-si-je\/"]}]},{"@type":"BreadcrumbList","@id":"https:\/\/newsite.stepstojustice.ca\/fr\/questions\/income-assistance\/puis-je-recevoir-des-prestations-du-programme-ontario-au-travail-si-je\/#breadcrumb","itemListElement":[{"@type":"ListItem","position":1,"name":"Home","item":"https:\/\/newsite.stepstojustice.ca\/fr\/"},{"@type":"ListItem","position":2,"name":"Questions","item":"https:\/\/newsite.stepstojustice.ca\/fr\/questions\/"},{"@type":"ListItem","position":3,"name":"Puis-je recevoir des prestations du programme Ontario au travail si je suis en d\u00e9tention sous garde?"}]},{"@type":"WebSite","@id":"https:\/\/newsite.stepstojustice.ca\/fr\/#website","url":"https:\/\/newsite.stepstojustice.ca\/fr\/","name":"Steps to justice","description":"Step-by-step information about legal problems","potentialAction":[{"@type":"SearchAction","target":{"@type":"EntryPoint","urlTemplate":"https:\/\/newsite.stepstojustice.ca\/fr\/?s={search_term_string}"},"query-input":"required name=search_term_string"}],"inLanguage":"fr-FR"}]}},"meta_box":{"date_fg19r358tw7":"2018-01-24 00:00:00","date_sgrhr9fx3j":"2019-01-24 00:00:00","text_qgvph2rt54":"","text_mb2unyqw82h":"Caroline Lindberg","text_z4722ywvha":"Kim McCutcheon","textarea_i237k2mg4u":"","date_mvzg7sr921":"","textarea_0ej69ng0xn48":"","file_1s3spou4tld":[],"text_0iky8vwgh18v":"marianne.stephens","date_e0vrot0tvds":"2018-06-25 10:53:04 -0400","text_y2tadrpr98":"Edited by marianne.stephens.","number_98lw0j89q05":"617","post_0glwwksj820p":[1171952,1171530,1171518],"questions_to_resources_to":["1194454","1197946","1187109"],"questions_to_guided_pathways_to":[],"questions_to_alerts_to":[],"questions_to_steps_to":["1176620","1176621","1176622"]},"_links":{"self":[{"href":"https:\/\/newsite.stepstojustice.ca\/fr\/wp-json\/wp\/v2\/questions\/1171756"}],"collection":[{"href":"https:\/\/newsite.stepstojustice.ca\/fr\/wp-json\/wp\/v2\/questions"}],"about":[{"href":"https:\/\/newsite.stepstojustice.ca\/fr\/wp-json\/wp\/v2\/types\/questions"}],"author":[{"embeddable":true,"href":"https:\/\/newsite.stepstojustice.ca\/fr\/wp-json\/wp\/v2\/users\/3"}],"version-history":[{"count":0,"href":"https:\/\/newsite.stepstojustice.ca\/fr\/wp-json\/wp\/v2\/questions\/1171756\/revisions"}],"wp:attachment":[{"href":"https:\/\/newsite.stepstojustice.ca\/fr\/wp-json\/wp\/v2\/media?parent=1171756"}],"wp:term":[{"taxonomy":"legal-topic","embeddable":true,"href":"https:\/\/newsite.stepstojustice.ca\/fr\/wp-json\/wp\/v2\/legal-topic?post=1171756"}],"curies":[{"name":"wp","href":"https:\/\/api.w.org\/{rel}","templated":true}]}}